{"id":2216,"date":"2025-03-26T12:54:54","date_gmt":"2025-03-26T11:54:54","guid":{"rendered":"https:\/\/iagenerativa.umh.es\/?page_id=2216"},"modified":"2025-05-05T13:48:40","modified_gmt":"2025-05-05T11:48:40","slug":"voces-artificiales","status":"publish","type":"page","link":"https:\/\/iagenerativa.umh.es\/ca\/voces-artificiales\/","title":{"rendered":"<span lang=\"es\">(Espa\u00f1ol) Voces Artificiales<\/span>"},"content":{"rendered":"<p>[et_pb_section fb_built=&#8221;1&#8243; _builder_version=&#8221;4.16&#8243; global_colors_info=&#8221;{}&#8221;][et_pb_row _builder_version=&#8221;4.16&#8243; background_size=&#8221;initial&#8221; background_position=&#8221;top_left&#8221; background_repeat=&#8221;repeat&#8221; global_colors_info=&#8221;{}&#8221;][et_pb_column type=&#8221;4_4&#8243; _builder_version=&#8221;4.16&#8243; custom_padding=&#8221;|||&#8221; global_colors_info=&#8221;{}&#8221; custom_padding__hover=&#8221;|||&#8221;][et_pb_text _builder_version=&#8221;4.17.4&#8243; background_size=&#8221;initial&#8221; background_position=&#8221;top_left&#8221; background_repeat=&#8221;repeat&#8221; global_colors_info=&#8221;{}&#8221;]<\/p>\n<h1 data-start=\"183\" data-end=\"245\">\ud83c\udf99\ufe0f <strong data-start=\"187\" data-end=\"245\">Voces Artificiales: Conversaciones sobre IA generativa<\/strong><\/h1>\n<h3 style=\"text-align: right\"><a href=\"https:\/\/radio.umh.es\/category\/programas-radio-umh-2012-2013\/ciencia-economia-investigacion-medio-ambiente-y-tecnologia\/voces-artificiales\/\"><em>Un programa de Radio UMH<\/em><\/a><\/h3>\n<p>[\/et_pb_text][\/et_pb_column][\/et_pb_row][et_pb_row column_structure=&#8221;2_5,3_5&#8243; _builder_version=&#8221;4.16&#8243; background_size=&#8221;initial&#8221; background_position=&#8221;top_left&#8221; background_repeat=&#8221;repeat&#8221; global_colors_info=&#8221;{}&#8221;][et_pb_column type=&#8221;2_5&#8243; _builder_version=&#8221;4.16&#8243; custom_padding=&#8221;|||&#8221; global_colors_info=&#8221;{}&#8221; custom_padding__hover=&#8221;|||&#8221;][et_pb_image src=&#8221;https:\/\/iagenerativa.umh.es\/files\/2025\/03\/VOCES_FINAL_PNG_.remini-enhanced.png&#8221; title_text=&#8221;VOCES_FINAL_PNG_.remini-enhanced&#8221; _builder_version=&#8221;4.17.4&#8243; _module_preset=&#8221;default&#8221; module_alignment=&#8221;center&#8221; global_colors_info=&#8221;{}&#8221;][\/et_pb_image][\/et_pb_column][et_pb_column type=&#8221;3_5&#8243; _builder_version=&#8221;4.16&#8243; custom_padding=&#8221;|||&#8221; global_colors_info=&#8221;{}&#8221; custom_padding__hover=&#8221;|||&#8221;][et_pb_text _builder_version=&#8221;4.17.4&#8243; background_size=&#8221;initial&#8221; background_position=&#8221;top_left&#8221; background_repeat=&#8221;repeat&#8221; global_colors_info=&#8221;{}&#8221;]<\/p>\n<p class=\"\" data-start=\"247\" data-end=\"502\"><em data-start=\"247\" data-end=\"267\">Voces Artificiales<\/em> es un podcast quincenal que te invita a descubrir el fascinante mundo de la inteligencia artificial generativa y c\u00f3mo esta tecnolog\u00eda est\u00e1 transformando todos los sectores de la sociedad.<\/p>\n<p class=\"\" data-start=\"504\" data-end=\"908\">Cada episodio aborda de forma cercana y divulgativa los avances, aplicaciones reales, oportunidades y desaf\u00edos \u00e9ticos que plantea el uso de la IA generativa en nuestras vidas. A trav\u00e9s de conversaciones con personas expertas y usuarias de esta tecnolog\u00eda, exploramos su impacto social, educativo y emocional, adem\u00e1s de ofrecer recursos y consejos para aprender a usarla con sentido cr\u00edtico y creatividad.<\/p>\n<p class=\"\" data-start=\"910\" data-end=\"936\">\ud83d\udca1 Hablamos de temas como:<\/p>\n<ul>\n<li data-start=\"939\" data-end=\"982\">C\u00f3mo crear im\u00e1genes, m\u00fasica o textos con IA.<\/li>\n<li data-start=\"985\" data-end=\"1039\">Qu\u00e9 papel juega la IA en las aulas y en la universidad.<\/li>\n<li data-start=\"1042\" data-end=\"1109\">C\u00f3mo se est\u00e1 utilizando en salud, medios de comunicaci\u00f3n o empresas.<\/li>\n<li data-start=\"1112\" data-end=\"1171\">Cu\u00e1les son los retos \u00e9ticos y sociales que debemos afrontar.<\/li>\n<li data-start=\"1174\" data-end=\"1256\">Y sobre todo, c\u00f3mo podemos usarla para mejorar nuestra vida profesional y personal.<\/li>\n<\/ul>\n<p>[\/et_pb_text][\/et_pb_column][\/et_pb_row][et_pb_row _builder_version=&#8221;4.16&#8243; background_size=&#8221;initial&#8221; background_position=&#8221;top_left&#8221; background_repeat=&#8221;repeat&#8221; global_colors_info=&#8221;{}&#8221;][et_pb_column type=&#8221;4_4&#8243; _builder_version=&#8221;4.16&#8243; custom_padding=&#8221;|||&#8221; global_colors_info=&#8221;{}&#8221; custom_padding__hover=&#8221;|||&#8221;][et_pb_divider _builder_version=&#8221;4.17.4&#8243; _module_preset=&#8221;default&#8221; global_colors_info=&#8221;{}&#8221;][\/et_pb_divider][et_pb_text _builder_version=&#8221;4.17.4&#8243; background_size=&#8221;initial&#8221; background_position=&#8221;top_left&#8221; background_repeat=&#8221;repeat&#8221; global_colors_info=&#8221;{}&#8221;]<\/p>\n<p class=\"\" data-start=\"247\" data-end=\"502\">Puedes escuchar todos los episodios del programa <em data-start=\"185\" data-end=\"205\">Voces Artificiales<\/em> directamente desde la web de <strong data-start=\"235\" data-end=\"248\">Radio UMH<\/strong>, en su <a class=\"\" href=\"https:\/\/radio.umh.es\/category\/programas-radio-umh-2012-2013\/ciencia-economia-investigacion-medio-ambiente-y-tecnologia\/voces-artificiales\/\" target=\"_new\" rel=\"noopener\" data-start=\"256\" data-end=\"423\">blog oficial del programa<\/a>, o bien acceder a cada entrega a trav\u00e9s de <strong data-start=\"467\" data-end=\"478\">Spotify<\/strong>.<\/p>\n<p class=\"\" data-start=\"247\" data-end=\"502\">A continuaci\u00f3n se listan los episodios disponibles, con su correspondiente enlace para escucharlos en la plataforma:<\/p>\n<p>[\/et_pb_text][\/et_pb_column][\/et_pb_row][et_pb_row column_structure=&#8221;1_4,1_4,1_4,1_4&#8243; _builder_version=&#8221;4.16&#8243; background_size=&#8221;initial&#8221; background_position=&#8221;top_left&#8221; background_repeat=&#8221;repeat&#8221; global_colors_info=&#8221;{}&#8221;][et_pb_column type=&#8221;1_4&#8243; _builder_version=&#8221;4.16&#8243; custom_padding=&#8221;|||&#8221; global_colors_info=&#8221;{}&#8221; custom_padding__hover=&#8221;|||&#8221;][et_pb_code admin_label=&#8221;EP08&#8243; _builder_version=&#8221;4.17.4&#8243; _module_preset=&#8221;default&#8221; global_colors_info=&#8221;{}&#8221;]<\/p>\n<div style=\"margin-bottom: 2em;padding: 1em;border: 1px solid #ccc;border-radius: 10px\"><!-- [et_pb_line_break_holder] -->  <\/p>\n<h3 style=\"margin-bottom: 0.5em\">\ud83c\udf99 EP08 &#8211; Envejecimiento Inteligente: el uso de la IA con las personas mayores<\/h3>\n<p><!-- [et_pb_line_break_holder] -->  <pee style=\"margin: 0.3em 0\"><strong>Fecha de emisi\u00f3n:<\/strong> 30 de abril de 2025<\/pee><!-- [et_pb_line_break_holder] -->  <pee style=\"margin: 0.3em 0\"><strong>Presentadora:<\/strong> Asun Vicente<\/pee><!-- [et_pb_line_break_holder] -->  <pee style=\"margin: 0.3em 0\"><strong>Invitados:<\/strong> y Cecilia M\u00e1rquez, Marina Mart\u00ednez Pay\u00e1, Valerie Matarredona y Mercedes Guilabert<\/pee><!-- [et_pb_line_break_holder] -->  <a href=\"https:\/\/open.spotify.com\/episode\/1lnoJwgvTilpQZmhxJzqFI?si=-t2-iSXcQ3KrgIHEfQMo3g\" target=\"_blank\" style=\"margin-top: 0.5em;padding: 0.6em 1.2em;background-color: #1DB954;color: white;border-radius: 5px;text-decoration: none\" rel=\"noopener\"><!-- [et_pb_line_break_holder] -->    \ud83c\udfa7 Escuchar en Spotify<!-- [et_pb_line_break_holder] -->  <\/a><!-- [et_pb_line_break_holder] -->  <pee style=\"margin: 0.3em 0;text-align: center;margin-top: 1.2em\"><!-- [et_pb_line_break_holder] -->    <img src=\"https:\/\/iagenerativa.umh.es\/files\/2025\/05\/image_EP_08-1.jpg\" alt=\"EP08 - Voces Artificiales\" style=\"height: 100px;border-radius: 10px\"><!-- [et_pb_line_break_holder] -->  <\/pee><!-- [et_pb_line_break_holder] --><\/div>\n<p><!-- [et_pb_line_break_holder] -->[\/et_pb_code][\/et_pb_column][et_pb_column type=&#8221;1_4&#8243; _builder_version=&#8221;4.16&#8243; custom_padding=&#8221;|||&#8221; global_colors_info=&#8221;{}&#8221; custom_padding__hover=&#8221;|||&#8221;][et_pb_code admin_label=&#8221;EP07&#8243; _builder_version=&#8221;4.17.4&#8243; _module_preset=&#8221;default&#8221; global_colors_info=&#8221;{}&#8221;]<\/p>\n<div style=\"margin-bottom: 2em;padding: 1em;border: 1px solid #ccc;border-radius: 10px\"><!-- [et_pb_line_break_holder] -->  <\/p>\n<h3 style=\"margin-bottom: 0.5em\">\ud83c\udf99 EP07 &#8211; Sesgos de g\u00e9nero en las im\u00e1genes artificiales<\/h3>\n<p><!-- [et_pb_line_break_holder] -->  <pee style=\"margin: 0.3em 0\"><strong>Fecha de emisi\u00f3n:<\/strong> 9 de abril de 2025<\/pee><!-- [et_pb_line_break_holder] -->  <pee style=\"margin: 0.3em 0\"><strong>Presentadora:<\/strong> Asun Vicente<\/pee><!-- [et_pb_line_break_holder] -->  <pee style=\"margin: 0.3em 0\"><strong>Invitados:<\/strong> C\u00e9sar Fern\u00e1ndez, Mercedes Guilabert<\/pee><!-- [et_pb_line_break_holder] -->  <a href=\"https:\/\/open.spotify.com\/episode\/7ocC5HImLDdU24CJbIhoWQ?si=7aB7sQlvRJ2UrlkLv0usYA\" target=\"_blank\" style=\"margin-top: 0.5em;padding: 0.6em 1.2em;background-color: #1DB954;color: white;border-radius: 5px;text-decoration: none\" rel=\"noopener\"><!-- [et_pb_line_break_holder] -->    \ud83c\udfa7 Escuchar en Spotify<!-- [et_pb_line_break_holder] -->  <\/a><!-- [et_pb_line_break_holder] -->  <pee style=\"margin: 0.3em 0;text-align: center;margin-top: 1.2em\"><!-- [et_pb_line_break_holder] -->    <img src=\"https:\/\/iagenerativa.umh.es\/files\/2025\/04\/image_EP_07.jpg\" alt=\"EP07 - Voces Artificiales\" style=\"height: 100px;border-radius: 10px\"><!-- [et_pb_line_break_holder] -->  <\/pee><!-- [et_pb_line_break_holder] --><\/div>\n<p><!-- [et_pb_line_break_holder] -->[\/et_pb_code][\/et_pb_column][et_pb_column type=&#8221;1_4&#8243; _builder_version=&#8221;4.16&#8243; custom_padding=&#8221;|||&#8221; global_colors_info=&#8221;{}&#8221; custom_padding__hover=&#8221;|||&#8221;][et_pb_code admin_label=&#8221;EP06&#8243; _builder_version=&#8221;4.17.4&#8243; _module_preset=&#8221;default&#8221; global_colors_info=&#8221;{}&#8221;]<\/p>\n<div style=\"margin-bottom: 2em;padding: 1em;border: 1px solid #ccc;border-radius: 10px\"><!-- [et_pb_line_break_holder] -->  <\/p>\n<h3 style=\"margin-bottom: 0.5em\">\ud83c\udf99 EP06 &#8211; Proyecto docente en el Grado de Terapia Ocupacional<\/h3>\n<p><!-- [et_pb_line_break_holder] -->  <pee style=\"margin: 0.3em 0\"><strong>Fecha de emisi\u00f3n:<\/strong> 26 de marzo de 2025<\/pee><!-- [et_pb_line_break_holder] -->  <pee style=\"margin: 0.3em 0\"><strong>Presentadora:<\/strong> Asun Vicente<\/pee><!-- [et_pb_line_break_holder] -->  <pee style=\"margin: 0.3em 0\"><strong>Invitada:<\/strong> Mercedes Guilabert<\/pee><!-- [et_pb_line_break_holder] -->  <a href=\"https:\/\/open.spotify.com\/episode\/3mQKjHvyZRJNBZV7Oz6Qie?si=yYpcyoHMRmGQSVVjtlu_5Q\" target=\"_blank\" style=\"margin-top: 0.5em;padding: 0.6em 1.2em;background-color: #1DB954;color: white;border-radius: 5px;text-decoration: none\" rel=\"noopener\"><!-- [et_pb_line_break_holder] -->    \ud83c\udfa7 Escuchar en Spotify<!-- [et_pb_line_break_holder] -->  <\/a><!-- [et_pb_line_break_holder] -->  <pee style=\"margin: 0.3em 0;text-align: center;margin-top: 1.2em\"><!-- [et_pb_line_break_holder] -->    <img src=\"https:\/\/iagenerativa.umh.es\/files\/2025\/04\/image_EP_06.jpg\" alt=\"EP06 - Voces Artificiales\" style=\"width: 100px;height: 100px;border-radius: 10px\"><!-- [et_pb_line_break_holder] -->  <\/pee><!-- [et_pb_line_break_holder] --><\/div>\n<p><!-- [et_pb_line_break_holder] -->[\/et_pb_code][\/et_pb_column][et_pb_column type=&#8221;1_4&#8243; _builder_version=&#8221;4.16&#8243; custom_padding=&#8221;|||&#8221; global_colors_info=&#8221;{}&#8221; custom_padding__hover=&#8221;|||&#8221;][et_pb_code admin_label=&#8221;EP05&#8243; _builder_version=&#8221;4.17.4&#8243; _module_preset=&#8221;default&#8221; global_colors_info=&#8221;{}&#8221;]<\/p>\n<div style=\"margin-bottom: 2em;padding: 1em;border: 1px solid #ccc;border-radius: 10px\"><!-- [et_pb_line_break_holder] -->  <\/p>\n<h3 style=\"margin-bottom: 0.5em\">\ud83c\udf99 EP05 &#8211; La IA en el aula universitaria<\/h3>\n<p><!-- [et_pb_line_break_holder] -->  <pee style=\"margin: 0.3em 0\"><strong>Fecha de emisi\u00f3n:<\/strong> 12 de marzo de 2025<\/pee><!-- [et_pb_line_break_holder] -->  <pee style=\"margin: 0.3em 0\"><strong>Presentadoras:<\/strong> Asun Vicente, Vicky Soto<\/pee><!-- [et_pb_line_break_holder] -->  <pee style=\"margin: 0.3em 0\"><strong>Invitados:<\/strong> Jos\u00e9 Juan L\u00f3pez Esp\u00edn, C\u00e9sar Fern\u00e1ndez Peris, Daniel Garc\u00eda Torres<\/pee><!-- [et_pb_line_break_holder] -->  <a href=\"https:\/\/open.spotify.com\/episode\/2b65gq8f24LSer5cFvLZND?si=kj7CxMEVTNO9Y6aXZKj4Qg\" target=\"_blank\" style=\"margin-top: 0.5em;padding: 0.6em 1.2em;background-color: #1DB954;color: white;border-radius: 5px;text-decoration: none\" rel=\"noopener\"><!-- [et_pb_line_break_holder] -->    \ud83c\udfa7 Escuchar en Spotify<!-- [et_pb_line_break_holder] -->  <\/a><!-- [et_pb_line_break_holder] -->  <pee style=\"margin: 0.3em 0;text-align: center;margin-top: 1.2em\"><!-- [et_pb_line_break_holder] -->    <img src=\"https:\/\/iagenerativa.umh.es\/files\/2025\/04\/image_EP_05.jpg\" alt=\"EP05 - Voces Artificiales\" style=\"height: 100px;border-radius: 10px\"><!-- [et_pb_line_break_holder] -->  <\/pee><!-- [et_pb_line_break_holder] --><\/div>\n<p><!-- [et_pb_line_break_holder] -->[\/et_pb_code][\/et_pb_column][\/et_pb_row][et_pb_row column_structure=&#8221;1_4,1_4,1_4,1_4&#8243; _builder_version=&#8221;4.16&#8243; background_size=&#8221;initial&#8221; background_position=&#8221;top_left&#8221; background_repeat=&#8221;repeat&#8221; global_colors_info=&#8221;{}&#8221;][et_pb_column type=&#8221;1_4&#8243; _builder_version=&#8221;4.16&#8243; custom_padding=&#8221;|||&#8221; global_colors_info=&#8221;{}&#8221; custom_padding__hover=&#8221;|||&#8221;][et_pb_code admin_label=&#8221;EP04&#8243; _builder_version=&#8221;4.17.4&#8243; _module_preset=&#8221;default&#8221; global_colors_info=&#8221;{}&#8221;]<\/p>\n<div style=\"margin-bottom: 2em;padding: 1em;border: 1px solid #ccc;border-radius: 10px\"><!-- [et_pb_line_break_holder] -->  <\/p>\n<h3 style=\"margin-bottom: 0.5em\">\ud83c\udf99 EP04 &#8211; Inteligencia Artificial y Farmacia<\/h3>\n<p><!-- [et_pb_line_break_holder] -->  <pee style=\"margin: 0.3em 0\"><strong>Fecha de emisi\u00f3n:<\/strong> 26 de febrero de 2025<\/pee><!-- [et_pb_line_break_holder] -->  <pee style=\"margin: 0.3em 0\"><strong>Presentadoras:<\/strong> Asun Vicente, Vicky Soto<\/pee><!-- [et_pb_line_break_holder] -->  <pee style=\"margin: 0.3em 0\"><strong>Invitados:<\/strong> Jaime Antonio G\u00f3mez, Gabriel Mart\u00ednez Orea<\/pee><!-- [et_pb_line_break_holder] -->  <a href=\"https:\/\/open.spotify.com\/episode\/4dh8OpAHNt4s4FET2l2py5?si=-ghFwHO9Rdqr2Ya8rTMmhQ\" target=\"_blank\" style=\"margin-top: 0.5em;padding: 0.6em 1.2em;background-color: #1DB954;color: white;border-radius: 5px;text-decoration: none\" rel=\"noopener\"><!-- [et_pb_line_break_holder] -->    \ud83c\udfa7 Escuchar en Spotify<!-- [et_pb_line_break_holder] -->  <\/a><!-- [et_pb_line_break_holder] -->  <pee style=\"margin: 0.3em 0;text-align: center;margin-top: 1.2em\"><!-- [et_pb_line_break_holder] -->    <img src=\"https:\/\/iagenerativa.umh.es\/files\/2025\/04\/image_EP_04.jpg\" alt=\"EP04 - Voces Artificiales\" style=\"height: 100px;border-radius: 10px\"><!-- [et_pb_line_break_holder] -->  <\/pee><!-- [et_pb_line_break_holder] --><\/div>\n<p><!-- [et_pb_line_break_holder] -->[\/et_pb_code][\/et_pb_column][et_pb_column type=&#8221;1_4&#8243; _builder_version=&#8221;4.16&#8243; custom_padding=&#8221;|||&#8221; global_colors_info=&#8221;{}&#8221; custom_padding__hover=&#8221;|||&#8221;][et_pb_code admin_label=&#8221;EP03&#8243; _builder_version=&#8221;4.17.4&#8243; _module_preset=&#8221;default&#8221; global_colors_info=&#8221;{}&#8221;]<\/p>\n<div style=\"margin-bottom: 2em;padding: 1em;border: 1px solid #ccc;border-radius: 10px\"><!-- [et_pb_line_break_holder] -->  <\/p>\n<h3 style=\"margin-bottom: 0.5em\">\ud83c\udf99 EP03 &#8211; D\u00eda Internacional de la Mujer y la Ni\u00f1a en la Ciencia<\/h3>\n<p><!-- [et_pb_line_break_holder] -->  <pee style=\"margin: 0.3em 0\"><strong>Fecha de emisi\u00f3n:<\/strong> 12 de febrero de 2025<\/pee><!-- [et_pb_line_break_holder] -->  <pee style=\"margin: 0.3em 0\"><strong>Presentadora:<\/strong> Asun Vicente<\/pee><!-- [et_pb_line_break_holder] -->  <pee style=\"margin: 0.3em 0\"><strong>Invitados:<\/strong> Rosario Carmona, Bel\u00e9n Lara, Daniel Garc\u00eda Torres<\/pee><!-- [et_pb_line_break_holder] -->  <a href=\"https:\/\/open.spotify.com\/episode\/7DWp36VMra0UVc9Ds9SuC9?si=05XQX3dzQNWVeyXXXkv8Vg\" target=\"_blank\" style=\"margin-top: 0.5em;padding: 0.6em 1.2em;background-color: #1DB954;color: white;border-radius: 5px;text-decoration: none\" rel=\"noopener\"><!-- [et_pb_line_break_holder] -->    \ud83c\udfa7 Escuchar en Spotify<!-- [et_pb_line_break_holder] -->  <\/a><!-- [et_pb_line_break_holder] -->  <pee style=\"margin: 0.3em 0;text-align: center;margin-top: 1.2em\"><!-- [et_pb_line_break_holder] -->    <img src=\"https:\/\/iagenerativa.umh.es\/files\/2025\/04\/image_EP_03.jpeg\" alt=\"EP03 - Voces Artificiales\" style=\"height: 100px;border-radius: 10px\"><!-- [et_pb_line_break_holder] -->  <\/pee><!-- [et_pb_line_break_holder] --><\/div>\n<p><!-- [et_pb_line_break_holder] -->[\/et_pb_code][\/et_pb_column][et_pb_column type=&#8221;1_4&#8243; _builder_version=&#8221;4.16&#8243; custom_padding=&#8221;|||&#8221; global_colors_info=&#8221;{}&#8221; custom_padding__hover=&#8221;|||&#8221;][et_pb_code admin_label=&#8221;EP02&#8243; _builder_version=&#8221;4.17.4&#8243; _module_preset=&#8221;default&#8221; global_colors_info=&#8221;{}&#8221;]<\/p>\n<div style=\"margin-bottom: 2em;padding: 1em;border: 1px solid #ccc;border-radius: 10px\"><!-- [et_pb_line_break_holder] -->  <\/p>\n<h3 style=\"margin-bottom: 0.5em\">\ud83c\udf99 EP02 &#8211; La IA en la Psicolog\u00eda<\/h3>\n<p><!-- [et_pb_line_break_holder] -->  <pee style=\"margin: 0.3em 0\"><strong>Fecha de emisi\u00f3n:<\/strong> 6 de noviembre de 2024<\/pee><!-- [et_pb_line_break_holder] -->  <pee style=\"margin: 0.3em 0\"><strong>Presentadoras:<\/strong> Asun Vicente, Vicky Soto<\/pee><!-- [et_pb_line_break_holder] -->  <pee style=\"margin: 0.3em 0\"><strong>Invitados:<\/strong> Victoria Soto, Daniel Garc\u00eda Torres<\/pee><!-- [et_pb_line_break_holder] -->  <a href=\"https:\/\/open.spotify.com\/episode\/51QfeAzyDGakPAjwg56uFD?si=ocJVNMv2SUSutVIgRgie9g\" target=\"_blank\" style=\"margin-top: 0.5em;padding: 0.6em 1.2em;background-color: #1DB954;color: white;border-radius: 5px;text-decoration: none\" rel=\"noopener\"><!-- [et_pb_line_break_holder] -->    \ud83c\udfa7 Escuchar en Spotify<!-- [et_pb_line_break_holder] -->  <\/a><!-- [et_pb_line_break_holder] -->  <pee style=\"margin: 0.3em 0;text-align: center;margin-top: 1.2em\"><!-- [et_pb_line_break_holder] -->    <img src=\"https:\/\/iagenerativa.umh.es\/files\/2025\/04\/image_EP_02.jpg\" alt=\"EP02 - Voces Artificiales\" style=\"height: 100px;border-radius: 10px\"><!-- [et_pb_line_break_holder] -->  <\/pee><!-- [et_pb_line_break_holder] --><\/div>\n<p><!-- [et_pb_line_break_holder] -->[\/et_pb_code][\/et_pb_column][et_pb_column type=&#8221;1_4&#8243; _builder_version=&#8221;4.16&#8243; custom_padding=&#8221;|||&#8221; global_colors_info=&#8221;{}&#8221; custom_padding__hover=&#8221;|||&#8221;][et_pb_code admin_label=&#8221;EP01&#8243; _builder_version=&#8221;4.17.4&#8243; _module_preset=&#8221;default&#8221; global_colors_info=&#8221;{}&#8221;]<\/p>\n<div style=\"margin-bottom: 2em;padding: 1em;border: 1px solid #ccc;border-radius: 10px\"><!-- [et_pb_line_break_holder] -->  <\/p>\n<h3 style=\"margin-bottom: 0.5em\">\ud83c\udf99 EP01 &#8211; La IA en la m\u00fasica<\/h3>\n<p><!-- [et_pb_line_break_holder] -->  <pee style=\"margin: 0.3em 0\"><strong>Fecha de emisi\u00f3n:<\/strong> 23 de octubre de 2024<\/pee><!-- [et_pb_line_break_holder] -->  <pee style=\"margin: 0.3em 0\"><strong>Presentadoras:<\/strong> Asun Vicente, Vicky Soto<\/pee><!-- [et_pb_line_break_holder] -->  <pee style=\"margin: 0.3em 0\"><strong>Invitados:<\/strong> Daniel Garc\u00eda Torres, \u00c1lvaro Garc\u00eda del Castillo<\/pee><!-- [et_pb_line_break_holder] -->  <a href=\"https:\/\/open.spotify.com\/episode\/3rbN78fCKcQ6Aa17tbyvat?si=BnHEXwULQXqIGW8qns2iow\" target=\"_blank\" style=\"margin-top: 0.5em;padding: 0.6em 1.2em;background-color: #1DB954;color: white;border-radius: 5px;text-decoration: none\" rel=\"noopener\"><!-- [et_pb_line_break_holder] -->    \ud83c\udfa7 Escuchar en Spotify<!-- [et_pb_line_break_holder] -->  <\/a><!-- [et_pb_line_break_holder] -->  <pee style=\"margin: 0.3em 0;text-align: center;margin-top: 1.2em\"><!-- [et_pb_line_break_holder] -->    <img src=\"https:\/\/iagenerativa.umh.es\/files\/2025\/04\/image_EP_01.jpg\" alt=\"EP01 - Voces Artificiales\" style=\"height: 100px;border-radius: 10px\"><!-- [et_pb_line_break_holder] -->  <\/pee><!-- [et_pb_line_break_holder] --><\/div>\n<p><!-- [et_pb_line_break_holder] -->[\/et_pb_code][\/et_pb_column][\/et_pb_row][et_pb_row _builder_version=&#8221;4.17.4&#8243; background_size=&#8221;initial&#8221; background_position=&#8221;top_left&#8221; background_repeat=&#8221;repeat&#8221; global_colors_info=&#8221;{}&#8221;][et_pb_column type=&#8221;4_4&#8243; _builder_version=&#8221;4.16&#8243; custom_padding=&#8221;|||&#8221; global_colors_info=&#8221;{}&#8221; custom_padding__hover=&#8221;|||&#8221;][et_pb_divider _builder_version=&#8221;4.17.4&#8243; _module_preset=&#8221;default&#8221; global_colors_info=&#8221;{}&#8221;][\/et_pb_divider][\/et_pb_column][\/et_pb_row][et_pb_row column_structure=&#8221;3_4,1_4&#8243; _builder_version=&#8221;4.17.4&#8243; background_size=&#8221;initial&#8221; background_position=&#8221;top_left&#8221; background_repeat=&#8221;repeat&#8221; global_colors_info=&#8221;{}&#8221;][et_pb_column type=&#8221;3_4&#8243; _builder_version=&#8221;4.16&#8243; custom_padding=&#8221;|||&#8221; global_colors_info=&#8221;{}&#8221; custom_padding__hover=&#8221;|||&#8221;][et_pb_text _builder_version=&#8221;4.17.4&#8243; _module_preset=&#8221;default&#8221; global_colors_info=&#8221;{}&#8221;]<\/p>\n<h3 class=\"\" data-start=\"161\" data-end=\"213\">\ud83d\udcfb \u00bfCu\u00e1ndo puedes escuchar <em data-start=\"192\" data-end=\"212\">Voces Artificiales<\/em>?<\/h3>\n<p class=\"\" data-start=\"215\" data-end=\"315\">Muy f\u00e1cil: solo tienes que sintonizar <strong data-start=\"253\" data-end=\"266\">Radio UMH<\/strong> cada dos mi\u00e9rcoles, a partir de las <strong data-start=\"303\" data-end=\"314\">11:30 h<\/strong>.<\/p>\n<p class=\"\" data-start=\"317\" data-end=\"400\">\u00a1Te esperamos para descubrir c\u00f3mo la <strong data-start=\"354\" data-end=\"371\">IA generativa<\/strong> est\u00e1 transformando el mundo!<\/p>\n<p class=\"\" style=\"text-align: left\" data-start=\"402\" data-end=\"535\">\ud83d\udc49 Puedes escuchar la radio en directo aqu\u00ed:<\/p>\n<p class=\"\" style=\"text-align: left\" data-start=\"402\" data-end=\"535\"><a class=\"\" href=\"https:\/\/radio.umh.es\/la-radio-en-directo\/\" target=\"_new\" rel=\"noopener\" data-start=\"449\" data-end=\"535\">https:\/\/radio.umh.es\/la-radio-en-directo\/<\/a><\/p>\n<p>[\/et_pb_text][\/et_pb_column][et_pb_column type=&#8221;1_4&#8243; _builder_version=&#8221;4.16&#8243; custom_padding=&#8221;|||&#8221; global_colors_info=&#8221;{}&#8221; custom_padding__hover=&#8221;|||&#8221;][et_pb_image src=&#8221;https:\/\/iagenerativa.umh.es\/files\/2025\/04\/FOTO-PERFIL-RADIO.png&#8221; title_text=&#8221;FOTO-PERFIL-RADIO&#8221; url=&#8221;https:\/\/radio.umh.es\/la-radio-en-directo\/&#8221; _builder_version=&#8221;4.17.4&#8243; _module_preset=&#8221;default&#8221; module_alignment=&#8221;center&#8221; global_colors_info=&#8221;{}&#8221;][\/et_pb_image][\/et_pb_column][\/et_pb_row][et_pb_row _builder_version=&#8221;4.17.4&#8243; background_size=&#8221;initial&#8221; background_position=&#8221;top_left&#8221; background_repeat=&#8221;repeat&#8221; global_colors_info=&#8221;{}&#8221;][et_pb_column type=&#8221;4_4&#8243; _builder_version=&#8221;4.16&#8243; custom_padding=&#8221;|||&#8221; global_colors_info=&#8221;{}&#8221; custom_padding__hover=&#8221;|||&#8221;][et_pb_divider _builder_version=&#8221;4.17.4&#8243; _module_preset=&#8221;default&#8221; global_colors_info=&#8221;{}&#8221;][\/et_pb_divider][\/et_pb_column][\/et_pb_row][\/et_pb_section]<\/p>\n","protected":false},"excerpt":{"rendered":"<p>\ud83c\udf99\ufe0f Voces Artificiales: Conversaciones sobre IA generativa Un programa de Radio UMHVoces Artificiales es un podcast quincenal que te invita a descubrir el fascinante mundo de la inteligencia artificial generativa y c\u00f3mo esta tecnolog\u00eda est\u00e1 transformando todos los sectores de la sociedad. Cada episodio aborda de forma cercana y divulgativa los avances, aplicaciones reales, oportunidades [&hellip;]<\/p>\n","protected":false},"author":1676,"featured_media":0,"parent":0,"menu_order":0,"comment_status":"closed","ping_status":"closed","template":"","meta":{"_et_pb_use_builder":"on","_et_pb_old_content":"<p>Voces Artificiales<\/p>","_et_gb_content_width":"","_links_to":"","_links_to_target":""},"_links":{"self":[{"href":"https:\/\/iagenerativa.umh.es\/ca\/wp-json\/wp\/v2\/pages\/2216"}],"collection":[{"href":"https:\/\/iagenerativa.umh.es\/ca\/wp-json\/wp\/v2\/pages"}],"about":[{"href":"https:\/\/iagenerativa.umh.es\/ca\/wp-json\/wp\/v2\/types\/page"}],"author":[{"embeddable":true,"href":"https:\/\/iagenerativa.umh.es\/ca\/wp-json\/wp\/v2\/users\/1676"}],"replies":[{"embeddable":true,"href":"https:\/\/iagenerativa.umh.es\/ca\/wp-json\/wp\/v2\/comments?post=2216"}],"version-history":[{"count":0,"href":"https:\/\/iagenerativa.umh.es\/ca\/wp-json\/wp\/v2\/pages\/2216\/revisions"}],"wp:attachment":[{"href":"https:\/\/iagenerativa.umh.es\/ca\/wp-json\/wp\/v2\/media?parent=2216"}],"curies":[{"name":"wp","href":"https:\/\/api.w.org\/{rel}","templated":true}]}}