{"id":1017,"date":"2024-06-19T19:46:22","date_gmt":"2024-06-19T17:46:22","guid":{"rendered":"https:\/\/iagenerativa.umh.es\/?page_id=1017"},"modified":"2026-01-13T16:55:46","modified_gmt":"2026-01-13T15:55:46","slug":"inicio_2","status":"publish","type":"page","link":"https:\/\/iagenerativa.umh.es\/en\/","title":{"rendered":"Inicio"},"content":{"rendered":"<p>[et_pb_section fb_built=&#8221;1&#8243; fullwidth=&#8221;on&#8221; _builder_version=&#8221;4.17.4&#8243; _module_preset=&#8221;default&#8221; global_colors_info=&#8221;{}&#8221;][et_pb_fullwidth_slider _builder_version=&#8221;4.17.4&#8243; _module_preset=&#8221;default&#8221; background_color=&#8221;RGBA(255,255,255,0)&#8221; use_background_color_gradient=&#8221;on&#8221; background_color_gradient_stops=&#8221;#2b87da 0%|#001059 100%&#8221; animation_style=&#8221;fade&#8221; animation_duration=&#8221;1050ms&#8221; global_colors_info=&#8221;{}&#8221;][et_pb_slide heading=&#8221;AUNEX&#8221; button_text=&#8221;M\u00e1s informaci\u00f3n&#8221; button_link=&#8221;https:\/\/iagenerativa.umh.es\/aunex&#8221; image=&#8221;https:\/\/iagenerativa.umh.es\/files\/2025\/11\/ChatGPT-Image-4-nov-2025-11_59_36-1.png&#8221; _builder_version=&#8221;4.17.4&#8243; _module_preset=&#8221;default&#8221; background_color=&#8221;gcid-ec3e094c-f7a6-4795-8f8c-559f1dfe3f77&#8243; background_enable_color=&#8221;on&#8221; use_background_color_gradient=&#8221;on&#8221; background_color_gradient_direction=&#8221;90deg&#8221; background_color_gradient_stops=&#8221;#ffffff 0%|#2b87da 33%|#081749 100%&#8221; background_enable_image=&#8221;off&#8221; parallax=&#8221;on&#8221; background_blend=&#8221;darken&#8221; global_colors_info=&#8221;{%22gcid-ec3e094c-f7a6-4795-8f8c-559f1dfe3f77%22:%91%22background_color%22%93}&#8221; sticky_transition=&#8221;on&#8221;]<\/p>\n<h1>\u00a0<\/h1>\n<h1><strong>Tu nueva compa\u00f1era inteligente: C\u00f3mo sacar partido a la IA<\/strong><\/h1>\n<ul>\n<li>\n<h5>Fecha: <b>16 de diciembre\u00a0 2025, Benidorm<\/b><\/h5>\n<\/li>\n<li>\n<h4><strong>AULAS UNIVERSITARIAS DE LA EXPERIENCIA (<\/strong><a href=\"https:\/\/sabiex.umh.es\/aunex\/\"><strong>AUNEX<\/strong><\/a><strong>) CURSO 2025\/2026<\/strong><\/h4>\n<\/li>\n<\/ul>\n<p>[\/et_pb_slide][et_pb_slide heading=&#8221;CURSOS sobre IA&#8221; button_text=&#8221;M\u00e1s informaci\u00f3n&#8221; button_link=&#8221;https:\/\/iagenerativa.umh.es\/equidad&#8221; image=&#8221;https:\/\/iagenerativa.umh.es\/files\/2025\/11\/Captura-de-pantalla-2025-10-24-a-las-12.00.36.png&#8221; _builder_version=&#8221;4.17.4&#8243; _module_preset=&#8221;default&#8221; background_color=&#8221;gcid-ec3e094c-f7a6-4795-8f8c-559f1dfe3f77&#8243; background_enable_color=&#8221;on&#8221; use_background_color_gradient=&#8221;on&#8221; background_color_gradient_direction=&#8221;90deg&#8221; background_color_gradient_stops=&#8221;#ffffff 0%|#2b87da 33%|#081749 100%&#8221; background_enable_image=&#8221;off&#8221; parallax=&#8221;on&#8221; background_blend=&#8221;darken&#8221; global_colors_info=&#8221;{%22gcid-ec3e094c-f7a6-4795-8f8c-559f1dfe3f77%22:%91%22background_color%22%93}&#8221; sticky_transition=&#8221;on&#8221;]<\/p>\n<h1>\u00a0<\/h1>\n<h1><strong>Inteligencia Artificial generativa y equidad: herramientas, \u00e9tica y sesgos de g\u00e9nero en la era digital<\/strong><\/h1>\n<ul>\n<li>\n<h5>Fecha: <b>5 de noviembre de 2025, Campus de ELCHE<\/b><\/h5>\n<\/li>\n<li>\n<h5>Fecha: <b>12 de noviembre de 2025, Campus de SAN JUAN<\/b><\/h5>\n<\/li>\n<\/ul>\n<p>[\/et_pb_slide][et_pb_slide heading=&#8221;Todo sobre IA&#8221; button_text=&#8221;Visita su canal de Youtube&#8221; button_link=&#8221;https:\/\/www.youtube.com\/@TodoSobreIA_YT&#8221; image=&#8221;https:\/\/iagenerativa.umh.es\/files\/2025\/06\/Captura-de-pantalla-2025-06-03-a-las-14.18.01.png&#8221; _builder_version=&#8221;4.17.4&#8243; _module_preset=&#8221;default&#8221; background_color=&#8221;#140330&#8243; background_enable_color=&#8221;on&#8221; global_colors_info=&#8221;{}&#8221; sticky_transition=&#8221;on&#8221;]<\/p>\n<p>Aqu\u00ed encontrar\u00e1s tutoriales sobre inteligencia artificial, chatbots, y programas de an\u00e1lisis de datos como R Studio y Excel. Adem\u00e1s de clases online para aquellos que quieran profundizar en estas tem\u00e1ticas y llevar su conocimiento al siguiente nivel. Descubre c\u00f3mo estas herramientas pueden mejorar tus habilidades y simplificar tu trabajo.<\/p>\n<p>[\/et_pb_slide][et_pb_slide heading=&#8221;Voces Artificiales en Radio UMH&#8221; button_text=&#8221;M\u00e1s informaci\u00f3n&#8221; button_link=&#8221;https:\/\/iagenerativa.umh.es\/voces-artificiales\/&#8221; image=&#8221;https:\/\/iagenerativa.umh.es\/files\/2025\/03\/VOCES_FINAL_PNG_.remini-enhanced.png&#8221; _builder_version=&#8221;4.17.4&#8243; _module_preset=&#8221;default&#8221; background_color=&#8221;#130d14&#8243; background_enable_color=&#8221;on&#8221; link_option_url=&#8221;https:\/\/iagenerativa.umh.es\/voces-artificiales\/&#8221; global_colors_info=&#8221;{}&#8221; sticky_transition=&#8221;on&#8221;]<\/p>\n<h3><strong><em data-start=\"247\" data-end=\"267\">Voces Artificiales<\/em><\/strong>\u00a0es un podcast quincenal que te invita a descubrir el fascinante mundo de la inteligencia artificial generativa y c\u00f3mo esta tecnolog\u00eda est\u00e1 transformando todos los sectores de la sociedad.<\/h3>\n<p>&nbsp;<\/p>\n<p><a href='https:\/\/open.spotify.com\/show\/6o3FcnXQLSIeTyRugz23qm?si=AnYX50B9QSW9H_JWoM8NGQ' class='big-button biggreen'>Escuchar en Spotify<\/a><br \/>\n[\/et_pb_slide][et_pb_slide heading=&#8221;Curso CAPDS&#8221; button_text=&#8221;M\u00e1s informaci\u00f3n&#8221; button_link=&#8221;https:\/\/iagenerativa.umh.es\/capds\/&#8221; image=&#8221;https:\/\/iagenerativa.umh.es\/files\/2024\/12\/logoCAPDS.jpg&#8221; _builder_version=&#8221;4.17.4&#8243; _module_preset=&#8221;default&#8221; background_color=&#8221;#3c8c12&#8243; background_enable_color=&#8221;on&#8221; background_enable_image=&#8221;off&#8221; parallax=&#8221;on&#8221; background_blend=&#8221;darken&#8221; global_colors_info=&#8221;{}&#8221; sticky_transition=&#8221;on&#8221;]<\/p>\n<h1><\/h1>\n<h1><em><strong>Impulsa tu productividad con IA generativa: ChatGPT, Copilot y NotebookLM\u00a0<\/strong><\/em><\/h1>\n<ul>\n<li>\n<h5>Fechas:\u00a0<strong>12 y 13 de junio de enero de 2025,\u00a0<\/strong><em><strong>de 15:00 a 19:00 \u00a0<\/strong><strong>(8 horas<\/strong>).<\/em><\/h5>\n<\/li>\n<li>\n<h5>Lugar:<strong> Universidad Miguel Hern\u00e1ndez, EPSO, Campus de Desamparados<\/strong><\/h5>\n<\/li>\n<\/ul>\n<p>[\/et_pb_slide][et_pb_slide heading=&#8221;Es hora de despertar a la era de la IA Generativa&#8221; button_text=&#8221;M\u00e1s informaci\u00f3n&#8221; _builder_version=&#8221;4.17.4&#8243; _module_preset=&#8221;default&#8221; background_enable_color=&#8221;off&#8221; use_background_color_gradient=&#8221;on&#8221; background_color_gradient_direction=&#8221;63deg&#8221; background_color_gradient_stops=&#8221;#2b87da 0%|rgba(255,255,255,0) 100%&#8221; background_image=&#8221;https:\/\/iagenerativa.umh.es\/files\/2025\/03\/ia_cesar_bladerrunner_2_845655846567289572.png&#8221; background_enable_image=&#8221;on&#8221; border_radii_image=&#8221;on|53px|53px|53px|53px&#8221; box_shadow_style_image=&#8221;preset1&#8243; text_shadow_style=&#8221;preset2&#8243; text_shadow_horizontal_length=&#8221;0.4em&#8221; text_shadow_color=&#8221;#E02B20&#8243; global_colors_info=&#8221;{}&#8221; sticky_transition=&#8221;on&#8221;]<\/p>\n<h2><\/h2>\n<h3 style=\"text-align: left\"><strong><em>&#8220;He visto cosas que vosotros no creer\u00edais&#8230; <\/em><\/strong><em>s<\/em><em>istemas de inteligencia artificial generar mundos enteros en segundos, a<\/em><em>lgoritmos creando poes\u00eda, arte y pensamiento.\u2028<\/em><em>Todas esas ideas&#8230;&#8221;<\/em><\/h3>\n<p>&nbsp;<br \/>\n[\/et_pb_slide][\/et_pb_fullwidth_slider][et_pb_fullwidth_slider disabled_on=&#8221;on|on|on&#8221; _builder_version=&#8221;4.17.4&#8243; _module_preset=&#8221;default&#8221; background_color=&#8221;RGBA(255,255,255,0)&#8221; disabled=&#8221;on&#8221; global_colors_info=&#8221;{}&#8221;][et_pb_slide heading=&#8221;Es hora de despertar a la era de la IA Generativa&#8221; button_text=&#8221;M\u00e1s informaci\u00f3n&#8221; _builder_version=&#8221;4.17.4&#8243; _module_preset=&#8221;default&#8221; background_color=&#8221;#023a51&#8243; background_enable_color=&#8221;on&#8221; background_image=&#8221;https:\/\/iagenerativa.umh.es\/files\/2025\/03\/ia_cesar_roy_845633903579400052.png&#8221; background_enable_image=&#8221;on&#8221; parallax=&#8221;on&#8221; border_radii_image=&#8221;on|53px|53px|53px|53px&#8221; box_shadow_style_image=&#8221;preset1&#8243; global_colors_info=&#8221;{}&#8221; sticky_transition=&#8221;on&#8221;]<\/p>\n<h2><\/h2>\n<p style=\"text-align: justify\"><strong><em>&#8220;He visto cosas que vosotros no creer\u00edais&#8230; <\/em><\/strong><em>s<\/em><em>istemas de inteligencia artificial generar mundos enteros en segundos, a<\/em><em>lgoritmos creando poes\u00eda, arte y pensamiento.\u2028<\/em><em>Todas esas ideas&#8230;&#8221;<\/em><\/p>\n<p>&nbsp;<br \/>\n[\/et_pb_slide][et_pb_slide heading=&#8221;Es hora de despertar a la era de la IA Generativa&#8221; button_text=&#8221;M\u00e1s informaci\u00f3n&#8221; image=&#8221;https:\/\/iagenerativa.umh.es\/files\/2025\/03\/ia_cesar_roy_845633903579400052.png&#8221; _builder_version=&#8221;4.17.4&#8243; _module_preset=&#8221;default&#8221; background_color=&#8221;#023a51&#8243; background_enable_color=&#8221;on&#8221; border_radii_image=&#8221;on|53px|53px|53px|53px&#8221; box_shadow_style_image=&#8221;preset1&#8243; global_colors_info=&#8221;{}&#8221; sticky_transition=&#8221;on&#8221;]<\/p>\n<h2><\/h2>\n<p style=\"text-align: justify\"><strong><em>&#8220;He visto cosas que vosotros no creer\u00edais&#8230; <\/em><\/strong><em>s<\/em><em>istemas de inteligencia artificial generar mundos enteros en segundos, a<\/em><em>lgoritmos creando poes\u00eda, arte y pensamiento.\u2028<\/em><em>Todas esas ideas&#8230;&#8221;<\/em><\/p>\n<p>&nbsp;<br \/>\n[\/et_pb_slide][et_pb_slide heading=&#8221;Curso CAPDS, primera edici\u00f3n&#8221; button_text=&#8221;M\u00e1s informacion&#8221; _builder_version=&#8221;4.17.4&#8243; _module_preset=&#8221;default&#8221; global_colors_info=&#8221;{}&#8221; sticky_transition=&#8221;on&#8221;]<img loading=\"lazy\" class=\"wp-image-1631 alignnone size-medium\" src=\"https:\/\/iagenerativa.umh.es\/files\/2024\/12\/A_green-themed_computer_classroom_in_a_horizontal_converted-300x171.png\" alt=\"\" width=\"300\" height=\"171\" \/><br \/>\n[\/et_pb_slide][et_pb_slide heading=&#8221;Todo sobre IA&#8221; button_text=&#8221;Visita su canal de Youtube&#8221; _builder_version=&#8221;4.17.4&#8243; _module_preset=&#8221;default&#8221; global_colors_info=&#8221;{}&#8221; sticky_transition=&#8221;on&#8221;][\/et_pb_slide][et_pb_slide heading=&#8221;Catedra de Inteligencia Artificial Aplicada&#8221; button_text=&#8221;M\u00e1s informaci\u00f3n&#8221; image=&#8221;https:\/\/iagenerativa.umh.es\/files\/2025\/03\/image-5.jpg&#8221; _builder_version=&#8221;4.17.4&#8243; _module_preset=&#8221;default&#8221; global_colors_info=&#8221;{}&#8221; sticky_transition=&#8221;on&#8221;]<\/p>\n<h5 style=\"text-align: justify\"><strong>Impulsamos la alfabetizaci\u00f3n y el desarrollo de soluciones con inteligencia artificial aplicada.<\/strong><\/h5>\n<p>[\/et_pb_slide][\/et_pb_fullwidth_slider][\/et_pb_section][et_pb_section fb_built=&#8221;1&#8243; _builder_version=&#8221;4.17.4&#8243; _module_preset=&#8221;default&#8221; hover_enabled=&#8221;0&#8243; border_color_all=&#8221;#E09900&#8243; border_style_all=&#8221;none&#8221; global_colors_info=&#8221;{}&#8221; sticky_enabled=&#8221;0&#8243;][et_pb_row column_structure=&#8221;1_4,3_4&#8243; _builder_version=&#8221;4.17.4&#8243; _module_preset=&#8221;default&#8221; background_enable_color=&#8221;off&#8221; border_width_all=&#8221;3px&#8221; border_color_all=&#8221;#D6D6D6&#8243; global_colors_info=&#8221;{}&#8221;][et_pb_column type=&#8221;1_4&#8243; _builder_version=&#8221;4.17.4&#8243; _module_preset=&#8221;default&#8221; global_colors_info=&#8221;{}&#8221;][et_pb_image src=&#8221;https:\/\/iagenerativa.umh.es\/files\/2026\/01\/logos_IA2_UMH.png&#8221; title_text=&#8221;logos_IA2_UMH&#8221; _builder_version=&#8221;4.17.4&#8243; _module_preset=&#8221;default&#8221; custom_padding=&#8221;|0px||40px|false|false&#8221; global_colors_info=&#8221;{}&#8221;][\/et_pb_image][\/et_pb_column][et_pb_column type=&#8221;3_4&#8243; _builder_version=&#8221;4.17.4&#8243; _module_preset=&#8221;default&#8221; global_colors_info=&#8221;{}&#8221;][et_pb_text _builder_version=&#8221;4.17.4&#8243; _module_preset=&#8221;default&#8221; background_enable_color=&#8221;off&#8221; custom_padding=&#8221;10px|40px||40px|false|false&#8221; global_colors_info=&#8221;{}&#8221;]<\/p>\n<h3><strong>IA Generativa UMH<\/strong><\/h3>\n<p><strong>Innovaci\u00f3n en Inteligencia Artificial para la formaci\u00f3n y el dise\u00f1o de soluciones personalizadas<\/strong><\/p>\n<p>&nbsp;<br \/>\n[\/et_pb_text][\/et_pb_column][\/et_pb_row][et_pb_row _builder_version=&#8221;4.17.4&#8243; _module_preset=&#8221;default&#8221; background_enable_color=&#8221;off&#8221; border_width_all=&#8221;3px&#8221; border_color_all=&#8221;#D6D6D6&#8243; global_colors_info=&#8221;{}&#8221;][et_pb_column type=&#8221;4_4&#8243; _builder_version=&#8221;4.17.4&#8243; _module_preset=&#8221;default&#8221; global_colors_info=&#8221;{}&#8221;][et_pb_text _builder_version=&#8221;4.17.4&#8243; _module_preset=&#8221;default&#8221; background_enable_color=&#8221;off&#8221; custom_padding=&#8221;30px|30px|30px|30px|false|false&#8221; border_width_all=&#8221;3px&#8221; border_color_all=&#8221;#c1c1c1&#8243; global_colors_info=&#8221;{}&#8221;]<\/p>\n<h4><strong>Exploramos el Futuro de la IA Generativa<\/strong><\/h4>\n<p>Somos un grupo de investigaci\u00f3n de la Universidad Miguel Hern\u00e1ndez dedicado a la formaci\u00f3n acad\u00e9mica y profesional en herramientas de inteligencia artificial generativa. Nuestro objetivo es transformar ideas en soluciones tecnol\u00f3gicas mediante consultor\u00eda especializada y el dise\u00f1o de herramientas personalizadas.<\/p>\n<p>&nbsp;<\/p>\n<p>[\/et_pb_text][et_pb_text _builder_version=&#8221;4.17.4&#8243; _module_preset=&#8221;default&#8221; background_enable_color=&#8221;off&#8221; custom_padding=&#8221;30px|30px|30px|30px|false|false&#8221; border_width_all=&#8221;3px&#8221; border_color_all=&#8221;#c1c1c1&#8243; global_colors_info=&#8221;{}&#8221;]<\/p>\n<h3><strong>Nuestros Servicios<\/strong><\/h3>\n<h4><strong>Formaci\u00f3n Acad\u00e9mica y Profesional<\/strong><\/h4>\n<p>Ofrecemos cursos pr\u00e1cticos y te\u00f3ricos sobre el uso y desarrollo de herramientas de IA generativa. Estos programas est\u00e1n dise\u00f1ados para estudiantes, investigadores y profesionales interesados en dominar las capacidades de estas tecnolog\u00edas emergentes.<\/p>\n<h4><strong>Consultor\u00eda en IA Generativa<\/strong><\/h4>\n<p>Asesoramos a empresas e instituciones en la implementaci\u00f3n de soluciones basadas en IA generativa. Ayudamos a optimizar procesos, mejorar la eficiencia y dise\u00f1ar estrategias personalizadas que maximizan el impacto de la tecnolog\u00eda.<\/p>\n<h4><strong>Dise\u00f1o de Herramientas y Soluciones Personalizadas<\/strong><\/h4>\n<p>Desarrollamos herramientas web y aplicaciones personalizadas que integran las capacidades avanzadas de la IA generativa para resolver desaf\u00edos espec\u00edficos en diferentes sectores.<\/p>\n<p>&nbsp;<br \/>\n[\/et_pb_text][et_pb_text _builder_version=&#8221;4.17.4&#8243; _module_preset=&#8221;default&#8221; background_enable_color=&#8221;off&#8221; custom_padding=&#8221;30px|30px|30px|30px|false|false&#8221; border_width_all=&#8221;3px&#8221; border_color_all=&#8221;#c1c1c1&#8243; global_colors_info=&#8221;{}&#8221;]<\/p>\n<h3><strong>Cont\u00e1ctanos<\/strong><\/h3>\n<p>Si est\u00e1s interesado en aprender m\u00e1s sobre nuestras actividades, colaborar con nosotros, o explorar c\u00f3mo la inteligencia artificial generativa puede transformar tu organizaci\u00f3n, \u00a1no dudes en ponerte en contacto! Aqu\u00ed tienes nuestro email:<br \/>\n[\/et_pb_text][et_pb_image src=&#8221;https:\/\/iagenerativa.umh.es\/files\/2024\/12\/Captura-de-pantalla-2024-12-11-a-las-21.30.59.png&#8221; title_text=&#8221;Captura de pantalla 2024-12-11 a las 21.30.59&#8243; align=&#8221;center&#8221; _builder_version=&#8221;4.17.4&#8243; _module_preset=&#8221;default&#8221; border_width_all=&#8221;2px&#8221; border_color_all=&#8221;#E02B20&#8243; box_shadow_style=&#8221;preset3&#8243; global_colors_info=&#8221;{}&#8221;][\/et_pb_image][\/et_pb_column][\/et_pb_row][\/et_pb_section][et_pb_section fb_built=&#8221;1&#8243; _builder_version=&#8221;4.17.4&#8243; _module_preset=&#8221;default&#8221; global_colors_info=&#8221;{}&#8221;][et_pb_row _builder_version=&#8221;4.17.4&#8243; _module_preset=&#8221;default&#8221; custom_margin=&#8221;-71px|auto|-25px|auto||&#8221; global_colors_info=&#8221;{}&#8221;][et_pb_column type=&#8221;4_4&#8243; _builder_version=&#8221;4.17.4&#8243; _module_preset=&#8221;default&#8221; global_colors_info=&#8221;{}&#8221;][et_pb_divider show_divider=&#8221;off&#8221; _builder_version=&#8221;4.17.4&#8243; _module_preset=&#8221;default&#8221; background_color=&#8221;#000000&#8243; custom_margin=&#8221;1px||1px||false|false&#8221; custom_padding=&#8221;||0px|||&#8221; global_colors_info=&#8221;{}&#8221;][\/et_pb_divider][\/et_pb_column][\/et_pb_row][et_pb_row column_structure=&#8221;1_3,1_3,1_3&#8243; _builder_version=&#8221;4.17.4&#8243; _module_preset=&#8221;default&#8221; custom_margin=&#8221;1px||1px||false|false&#8221; global_colors_info=&#8221;{}&#8221;][et_pb_column type=&#8221;1_3&#8243; _builder_version=&#8221;4.17.4&#8243; _module_preset=&#8221;default&#8221; global_colors_info=&#8221;{}&#8221;][et_pb_image src=&#8221;https:\/\/iagenerativa.umh.es\/files\/2024\/04\/logolCSI.png&#8221; title_text=&#8221;logolCSI&#8221; url=&#8221;https:\/\/lcsi.umh.es\/&#8221; _builder_version=&#8221;4.17.4&#8243; _module_preset=&#8221;default&#8221; min_height=&#8221;70.1px&#8221; custom_padding=&#8221;14px|14px||||&#8221; global_colors_info=&#8221;{}&#8221;][\/et_pb_image][\/et_pb_column][et_pb_column type=&#8221;1_3&#8243; _builder_version=&#8221;4.17.4&#8243; _module_preset=&#8221;default&#8221; global_colors_info=&#8221;{}&#8221;][et_pb_image src=&#8221;https:\/\/iagenerativa.umh.es\/files\/2024\/06\/logo_horizontal.png&#8221; title_text=&#8221;logo_horizontal&#8221; url=&#8221;https:\/\/lovelace.umh.es\/&#8221; _builder_version=&#8221;4.17.4&#8243; _module_preset=&#8221;default&#8221; custom_padding=&#8221;||17px|||&#8221; global_colors_info=&#8221;{}&#8221;][\/et_pb_image][\/et_pb_column][et_pb_column type=&#8221;1_3&#8243; _builder_version=&#8221;4.17.4&#8243; _module_preset=&#8221;default&#8221; global_colors_info=&#8221;{}&#8221;][et_pb_image src=&#8221;https:\/\/iagenerativa.umh.es\/files\/2024\/04\/logoUMH.jpeg&#8221; title_text=&#8221;logoUMH&#8221; url=&#8221;https:\/\/umh.es\/&#8221; show_bottom_space=&#8221;off&#8221; _builder_version=&#8221;4.17.4&#8243; _module_preset=&#8221;default&#8221; custom_margin=&#8221;-19px|||||&#8221; custom_padding=&#8221;||0px|||&#8221; global_colors_info=&#8221;{}&#8221;][\/et_pb_image][\/et_pb_column][\/et_pb_row][\/et_pb_section]<\/p>\n","protected":false},"excerpt":{"rendered":"<p>\u00a0 Tu nueva compa\u00f1era inteligente: C\u00f3mo sacar partido a la IA Fecha: 16 de diciembre\u00a0 2025, Benidorm AULAS UNIVERSITARIAS DE LA EXPERIENCIA (AUNEX) CURSO 2025\/2026 \u00a0 Inteligencia Artificial generativa y equidad: herramientas, \u00e9tica y sesgos de g\u00e9nero en la era digital Fecha: 5 de noviembre de 2025, Campus de ELCHE Fecha: 12 de noviembre de [&hellip;]<\/p>\n","protected":false},"author":1676,"featured_media":0,"parent":0,"menu_order":0,"comment_status":"closed","ping_status":"closed","template":"","meta":{"_et_pb_use_builder":"on","_et_pb_old_content":"","_et_gb_content_width":"","_links_to":"","_links_to_target":""},"_links":{"self":[{"href":"https:\/\/iagenerativa.umh.es\/en\/wp-json\/wp\/v2\/pages\/1017"}],"collection":[{"href":"https:\/\/iagenerativa.umh.es\/en\/wp-json\/wp\/v2\/pages"}],"about":[{"href":"https:\/\/iagenerativa.umh.es\/en\/wp-json\/wp\/v2\/types\/page"}],"author":[{"embeddable":true,"href":"https:\/\/iagenerativa.umh.es\/en\/wp-json\/wp\/v2\/users\/1676"}],"replies":[{"embeddable":true,"href":"https:\/\/iagenerativa.umh.es\/en\/wp-json\/wp\/v2\/comments?post=1017"}],"version-history":[{"count":0,"href":"https:\/\/iagenerativa.umh.es\/en\/wp-json\/wp\/v2\/pages\/1017\/revisions"}],"wp:attachment":[{"href":"https:\/\/iagenerativa.umh.es\/en\/wp-json\/wp\/v2\/media?parent=1017"}],"curies":[{"name":"wp","href":"https:\/\/api.w.org\/{rel}","templated":true}]}}