{"id":2702,"date":"2025-10-27T15:57:52","date_gmt":"2025-10-27T14:57:52","guid":{"rendered":"https:\/\/iagenerativa.umh.es\/?page_id=2702"},"modified":"2025-11-04T21:52:42","modified_gmt":"2025-11-04T20:52:42","slug":"curso-equidad-elche","status":"publish","type":"page","link":"https:\/\/iagenerativa.umh.es\/en\/equidad\/curso-equidad-elche\/","title":{"rendered":"<span lang=\"es\">(Espa\u00f1ol) Curso Equidad ELCHE<\/span>"},"content":{"rendered":"<p>[et_pb_section fb_built=&#8221;1&#8243; _builder_version=&#8221;4.17.4&#8243; _module_preset=&#8221;default&#8221; custom_padding=&#8221;|||0px||&#8221; global_colors_info=&#8221;{}&#8221;][et_pb_row _builder_version=&#8221;4.17.4&#8243; _module_preset=&#8221;default&#8221; global_colors_info=&#8221;{}&#8221;][et_pb_column type=&#8221;4_4&#8243; _builder_version=&#8221;4.17.4&#8243; _module_preset=&#8221;default&#8221; global_colors_info=&#8221;{}&#8221;][et_pb_text admin_label=&#8221;Texto&#8221; _builder_version=&#8221;4.17.4&#8243; _module_preset=&#8221;default&#8221; global_colors_info=&#8221;{}&#8221;]<\/p>\n<h3 style=\"text-align: left\"><\/h3>\n<h1 style=\"text-align: left\"><strong>CURSO:<\/strong><\/h1>\n<h1 style=\"text-align: left\"><strong>&#8220;Inteligencia Artificial generativa y equidad: herramientas, \u00e9tica y sesgos de g\u00e9nero en la era digital&#8221;<\/strong><\/h1>\n<h4 style=\"text-align: right\"><strong>Campus de Elche: 5 de noviembre de 2025<\/strong><\/h4>\n<p>&nbsp;<\/p>\n<p>&nbsp;<br \/>\n[\/et_pb_text][et_pb_image src=&#8221;https:\/\/iagenerativa.umh.es\/files\/2025\/10\/banner_accion_ROSARIO.png&#8221; title_text=&#8221;banner_accion_ROSARIO&#8221; admin_label=&#8221;Imagen&#8221; _builder_version=&#8221;4.17.4&#8243; _module_preset=&#8221;default&#8221; background_enable_image=&#8221;off&#8221; animation_style=&#8221;roll&#8221; global_colors_info=&#8221;{}&#8221;][\/et_pb_image][\/et_pb_column][\/et_pb_row][et_pb_row column_structure=&#8221;1_4,3_4&#8243; _builder_version=&#8221;4.17.4&#8243; _module_preset=&#8221;default&#8221; custom_margin=&#8221;|auto|30px|auto|false|false&#8221; custom_margin_tablet=&#8221;|auto|30px|auto|false|false&#8221; custom_margin_phone=&#8221;|auto|30px|auto|false|false&#8221; custom_margin_last_edited=&#8221;on|phone&#8221; custom_padding=&#8221;0px|0px|0px|0px|false|false&#8221; border_width_all=&#8221;2px&#8221; border_color_all=&#8221;#7CDA24&#8243; global_colors_info=&#8221;{}&#8221;][et_pb_column type=&#8221;1_4&#8243; _builder_version=&#8221;4.17.4&#8243; _module_preset=&#8221;default&#8221; global_colors_info=&#8221;{}&#8221;][et_pb_image src=&#8221;https:\/\/iagenerativa.umh.es\/files\/2025\/10\/logo-gneralitat-valenciana.png&#8221; title_text=&#8221;logo gneralitat valenciana&#8221; _builder_version=&#8221;4.17.4&#8243; _module_preset=&#8221;default&#8221; custom_margin=&#8221;||||false|false&#8221; custom_padding=&#8221;60px|||5px|false|false&#8221; global_colors_info=&#8221;{}&#8221;][\/et_pb_image][et_pb_image src=&#8221;https:\/\/iagenerativa.umh.es\/files\/2024\/04\/logoUMH.jpeg&#8221; title_text=&#8221;logoUMH&#8221; _builder_version=&#8221;4.17.4&#8243; _module_preset=&#8221;default&#8221; custom_margin=&#8221;||||false|false&#8221; custom_padding=&#8221;10px|||5px|false|false&#8221; global_colors_info=&#8221;{}&#8221;][\/et_pb_image][\/et_pb_column][et_pb_column type=&#8221;3_4&#8243; _builder_version=&#8221;4.17.4&#8243; _module_preset=&#8221;default&#8221; global_colors_info=&#8221;{}&#8221;][et_pb_text admin_label=&#8221;Texto&#8221; _builder_version=&#8221;4.17.4&#8243; _module_preset=&#8221;default&#8221; custom_margin=&#8221;||||false|false&#8221; custom_padding=&#8221;|15px||15px|false|false&#8221; global_colors_info=&#8221;{}&#8221;]<\/p>\n<h3><\/h3>\n<h3 style=\"text-align: left\"><strong>CURSO: <\/strong><\/h3>\n<h3>Inteligencia Artificial generativa y equidad: herramientas, \u00e9tica y sesgos de g\u00e9nero en la era digital<\/h3>\n<ul>\n<li>Fecha: <strong>5 de noviembre de 2025, <\/strong><em><strong>de 11:00 a 13:30.<\/strong><\/em><\/li>\n<li>Lugar:<strong> Universidad Miguel Hern\u00e1ndez, Campus de Elche, Aula 1.3 &#8211; ALTABIX.<\/strong><\/li>\n<li style=\"text-align: justify\">Cr\u00e9ditos: 0.5 ECTS (<em>Pendientes de tramitaci\u00f3n<\/em>)<\/li>\n<li style=\"text-align: justify\">Organiza: <strong>Unidad de Igualdad de la Universidad Miguel Hern\u00e1ndez (UMH)<\/strong> en colaboraci\u00f3n con la <strong>Vicepresidencia Primera y Conseller\u00eda de Servicios Sociales, Igualdad y Vivienda<\/strong><\/li>\n<li>Dirigido a estudiantes de la asignatura de Psicopatolog\u00eda del grado de Psicolog\u00eda<\/li>\n<\/ul>\n<p>&nbsp;<br \/>\n[\/et_pb_text][\/et_pb_column][\/et_pb_row][et_pb_row _builder_version=&#8221;4.17.4&#8243; _module_preset=&#8221;default&#8221; custom_padding=&#8221;5px|8px|5px|8px|false|false&#8221; border_width_all=&#8221;3px&#8221; border_color_all=&#8221;#6B6B6B&#8221; global_colors_info=&#8221;{}&#8221;][et_pb_column type=&#8221;4_4&#8243; _builder_version=&#8221;4.17.4&#8243; _module_preset=&#8221;default&#8221; global_colors_info=&#8221;{}&#8221;][et_pb_text admin_label=&#8221;Texto&#8221; _builder_version=&#8221;4.17.4&#8243; _module_preset=&#8221;default&#8221; custom_margin=&#8221;0px||||false|false&#8221; custom_padding=&#8221;0px|40px||40px|false|false&#8221; global_colors_info=&#8221;{}&#8221;]<\/p>\n<h4>\u00a0<\/h4>\n<h4><strong>Contenido del curso:<\/strong><\/h4>\n<p data-start=\"105\" data-end=\"726\">El curso ofrece una introducci\u00f3n pr\u00e1ctica a la inteligencia artificial generativa y su funcionamiento, explorando los modelos de lenguaje e imagen y el uso de herramientas como ChatGPT, Gemini, Grok y Nanobanana. Se abordar\u00e1n sus aplicaciones acad\u00e9micas y creativas en redacci\u00f3n, s\u00edntesis, ilustraci\u00f3n, dise\u00f1o y presentaci\u00f3n, junto con los aspectos \u00e9ticos relacionados con la autor\u00eda, la privacidad y los derechos de imagen. Adem\u00e1s, se analizar\u00e1 la perspectiva de g\u00e9nero en los modelos de IA y se realizar\u00e1 un taller pr\u00e1ctico de creaci\u00f3n de textos e im\u00e1genes a partir de <em data-start=\"703\" data-end=\"712\">prompts<\/em> inclusivos.<\/p>\n<h4><strong>Beneficios de asistir a este curso:<\/strong><\/h4>\n<ul>\n<li><strong>Mejora de la productividad:<\/strong> Optimiza tus tareas diarias con la ayuda de las herramientas de IA generativa y adquiere habilidades y conocimientos aplicables y agilidad en tu trabajo diario delante del ordenador.<\/li>\n<\/ul>\n<p>&nbsp;<\/p>\n<p>[\/et_pb_text][\/et_pb_column][\/et_pb_row][et_pb_row _builder_version=&#8221;4.17.4&#8243; _module_preset=&#8221;default&#8221; custom_padding=&#8221;5px|8px|5px|8px|false|false&#8221; border_width_all=&#8221;3px&#8221; border_color_all=&#8221;#6B6B6B&#8221; global_colors_info=&#8221;{}&#8221;][et_pb_column type=&#8221;4_4&#8243; _builder_version=&#8221;4.17.4&#8243; _module_preset=&#8221;default&#8221; global_colors_info=&#8221;{}&#8221;][et_pb_text admin_label=&#8221;Texto&#8221; _builder_version=&#8221;4.17.4&#8243; _module_preset=&#8221;default&#8221; custom_margin=&#8221;0px||||false|false&#8221; custom_padding=&#8221;0px|40px||40px|false|false&#8221; global_colors_info=&#8221;{}&#8221;]<\/p>\n<h4><\/h4>\n<h3><strong>PROGRAMA DETALLADO DEL CURSO<\/strong><\/h3>\n<h4><strong>A. Sesi\u00f3n presencial (2,5 h) \u2013 Introducci\u00f3n y pr\u00e1ctica guiada<\/strong><\/h4>\n<p><strong>Contenidos:<\/strong><\/p>\n<ul>\n<li>Qu\u00e9 es la IA generativa y c\u00f3mo funciona: modelos de lenguaje e imagen.<\/li>\n<li>Principales herramientas de texto: <strong>ChatGPT<\/strong>, <strong>Gemini<\/strong> y <strong>Grok<\/strong>.<\/li>\n<\/ul>\n<ul>\n<li>Principales herramientas de imagen: <strong>Nanobanana<\/strong>, <strong>DALL\u00b7E<\/strong>, <strong>Imagine<\/strong>,<\/li>\n<li>Usos acad\u00e9micos y creativos de la IAG: redacci\u00f3n, s\u00edntesis, ilustraci\u00f3n, dise\u00f1o y presentaci\u00f3n.<\/li>\n<li>Aspectos \u00e9ticos: autor\u00eda, privacidad, derechos de imagen y propiedad intelectual.<\/li>\n<li>Perspectiva de g\u00e9nero: c\u00f3mo los modelos visuales y ling\u00fc\u00edsticos reproducen estereotipos.<\/li>\n<li>Taller pr\u00e1ctico: creaci\u00f3n de texto e imagen a partir de <em>prompts<\/em><\/li>\n<\/ul>\n<h4><strong>B. Sesiones online s\u00edncronas (7.5 horas) y Trabajo Aut\u00f3nomo (4 horas)<\/strong><\/h4>\n<p><strong>Actividades:<\/strong><\/p>\n<p><span>\u00a01. <\/span><strong><span>Exploraci\u00f3n guiada (5 h). Sesi\u00f3n online s\u00edncrona:<\/span><\/strong><span><br \/>Desarrollo de un proyecto acad\u00e9mico o creativo (texto o imagen) utilizando\u00a0<\/span><strong><span>ChatGPT, Gemini, Grok<\/span><\/strong><span>\u00a0y una herramienta visual (por ejemplo,\u00a0<\/span><strong><span>Nanobanana<\/span><\/strong><span>\u00a0o\u00a0<\/span><strong><span>DALL\u00b7E<\/span><\/strong><span>), aplicando principios \u00e9ticos e inclusivos.<\/span><\/p>\n<p><span>2.\u00a0\u00a0\u00a0\u00a0\u00a0\u00a0\u00a0<\/span><strong><span>An\u00e1lisis de sesgos (2,5 h). Sesi\u00f3n online s\u00edncrona:<\/span><\/strong><span><br \/>Identificaci\u00f3n de sesgos de g\u00e9nero, culturales o sociales en los resultados obtenidos (por ejemplo, representaciones estereotipadas de profesiones o cuerpos).<\/span><\/p>\n<p><span>3.\u00a0\u00a0\u00a0\u00a0\u00a0<\/span><strong><span>Reflexi\u00f3n final (4 h):<\/span><\/strong><span><br \/>Elaboraci\u00f3n de un breve informe o v\u00eddeo o cualquier otro modo de comunicaci\u00f3n multimedia<\/span><\/p>\n<p>&nbsp;<\/p>\n<h4><\/h4>\n<p>&nbsp;<\/p>\n<p>[\/et_pb_text][\/et_pb_column][\/et_pb_row][et_pb_row disabled_on=&#8221;off|off|off&#8221; _builder_version=&#8221;4.17.4&#8243; _module_preset=&#8221;default&#8221; background_enable_color=&#8221;off&#8221; border_color_all=&#8221;RGBA(255,255,255,0)&#8221; global_colors_info=&#8221;{}&#8221;][et_pb_column type=&#8221;4_4&#8243; _builder_version=&#8221;4.17.4&#8243; _module_preset=&#8221;default&#8221; background_color=&#8221;#AADB24&#8243; global_colors_info=&#8221;{}&#8221;][et_pb_button button_url=&#8221;https:\/\/iagenerativa.umh.es\/equidad\/material&#8221; button_text=&#8221;Material del curso para descargar&#8221; button_alignment=&#8221;center&#8221; _builder_version=&#8221;4.17.4&#8243; _module_preset=&#8221;default&#8221; background_layout=&#8221;dark&#8221; custom_margin=&#8221;||||false|false&#8221; custom_padding=&#8221;||||false|false&#8221; hover_enabled=&#8221;0&#8243; box_shadow_style=&#8221;preset4&#8243; global_colors_info=&#8221;{}&#8221; sticky_enabled=&#8221;0&#8243;][\/et_pb_button][\/et_pb_column][\/et_pb_row][\/et_pb_section][et_pb_section fb_built=&#8221;1&#8243; _builder_version=&#8221;4.17.4&#8243; _module_preset=&#8221;default&#8221; global_colors_info=&#8221;{}&#8221;][et_pb_row _builder_version=&#8221;4.17.4&#8243; _module_preset=&#8221;default&#8221; global_colors_info=&#8221;{}&#8221;][et_pb_column type=&#8221;4_4&#8243; _builder_version=&#8221;4.17.4&#8243; _module_preset=&#8221;default&#8221; global_colors_info=&#8221;{}&#8221;][et_pb_divider show_divider=&#8221;off&#8221; _builder_version=&#8221;4.17.4&#8243; _module_preset=&#8221;default&#8221; background_color=&#8221;#000000&#8243; custom_margin=&#8221;1px||1px||false|false&#8221; global_colors_info=&#8221;{}&#8221;][\/et_pb_divider][\/et_pb_column][\/et_pb_row][et_pb_row column_structure=&#8221;2_5,3_5&#8243; _builder_version=&#8221;4.17.4&#8243; _module_preset=&#8221;default&#8221; custom_margin=&#8221;1px||1px||false|false&#8221; global_colors_info=&#8221;{}&#8221;][et_pb_column type=&#8221;2_5&#8243; _builder_version=&#8221;4.17.4&#8243; _module_preset=&#8221;default&#8221; global_colors_info=&#8221;{}&#8221;][et_pb_image src=&#8221;https:\/\/iagenerativa.umh.es\/files\/2025\/10\/logo-gneralitat-valenciana.png&#8221; title_text=&#8221;logo gneralitat valenciana&#8221; _builder_version=&#8221;4.17.4&#8243; _module_preset=&#8221;default&#8221; global_colors_info=&#8221;{}&#8221;][\/et_pb_image][\/et_pb_column][et_pb_column type=&#8221;3_5&#8243; _builder_version=&#8221;4.17.4&#8243; _module_preset=&#8221;default&#8221; global_colors_info=&#8221;{}&#8221;][et_pb_image src=&#8221;https:\/\/iagenerativa.umh.es\/files\/2024\/04\/logoUMH.jpeg&#8221; title_text=&#8221;logoUMH&#8221; url=&#8221;https:\/\/umh.es\/&#8221; show_bottom_space=&#8221;off&#8221; _builder_version=&#8221;4.17.4&#8243; _module_preset=&#8221;default&#8221; global_colors_info=&#8221;{}&#8221;][\/et_pb_image][\/et_pb_column][\/et_pb_row][\/et_pb_section]<\/p>\n","protected":false},"excerpt":{"rendered":"<p>CURSO: &#8220;Inteligencia Artificial generativa y equidad: herramientas, \u00e9tica y sesgos de g\u00e9nero en la era digital&#8221; Campus de Elche: 5 de noviembre de 2025 &nbsp; &nbsp; CURSO: Inteligencia Artificial generativa y equidad: herramientas, \u00e9tica y sesgos de g\u00e9nero en la era digital Fecha: 5 de noviembre de 2025, de 11:00 a 13:30. Lugar: Universidad Miguel [&hellip;]<\/p>\n","protected":false},"author":1676,"featured_media":0,"parent":2689,"menu_order":0,"comment_status":"closed","ping_status":"closed","template":"","meta":{"_et_pb_use_builder":"on","_et_pb_old_content":"","_et_gb_content_width":"","_links_to":"","_links_to_target":""},"_links":{"self":[{"href":"https:\/\/iagenerativa.umh.es\/en\/wp-json\/wp\/v2\/pages\/2702"}],"collection":[{"href":"https:\/\/iagenerativa.umh.es\/en\/wp-json\/wp\/v2\/pages"}],"about":[{"href":"https:\/\/iagenerativa.umh.es\/en\/wp-json\/wp\/v2\/types\/page"}],"author":[{"embeddable":true,"href":"https:\/\/iagenerativa.umh.es\/en\/wp-json\/wp\/v2\/users\/1676"}],"replies":[{"embeddable":true,"href":"https:\/\/iagenerativa.umh.es\/en\/wp-json\/wp\/v2\/comments?post=2702"}],"version-history":[{"count":0,"href":"https:\/\/iagenerativa.umh.es\/en\/wp-json\/wp\/v2\/pages\/2702\/revisions"}],"up":[{"embeddable":true,"href":"https:\/\/iagenerativa.umh.es\/en\/wp-json\/wp\/v2\/pages\/2689"}],"wp:attachment":[{"href":"https:\/\/iagenerativa.umh.es\/en\/wp-json\/wp\/v2\/media?parent=2702"}],"curies":[{"name":"wp","href":"https:\/\/api.w.org\/{rel}","templated":true}]}}