{"id":2705,"date":"2025-10-27T15:59:06","date_gmt":"2025-10-27T14:59:06","guid":{"rendered":"https:\/\/iagenerativa.umh.es\/?page_id=2705"},"modified":"2025-11-11T20:59:21","modified_gmt":"2025-11-11T19:59:21","slug":"curso-equidad-san-juan","status":"publish","type":"page","link":"https:\/\/iagenerativa.umh.es\/en\/equidad\/curso-equidad-san-juan\/","title":{"rendered":"<span lang=\"es\">(Espa\u00f1ol) Curso Equidad SAN JUAN<\/span>"},"content":{"rendered":"<p>[et_pb_section fb_built=&#8221;1&#8243; _builder_version=&#8221;4.17.4&#8243; _module_preset=&#8221;default&#8221; custom_padding=&#8221;|||0px||&#8221; global_colors_info=&#8221;{}&#8221;][et_pb_row _builder_version=&#8221;4.17.4&#8243; _module_preset=&#8221;default&#8221; global_colors_info=&#8221;{}&#8221;][et_pb_column type=&#8221;4_4&#8243; _builder_version=&#8221;4.17.4&#8243; _module_preset=&#8221;default&#8221; global_colors_info=&#8221;{}&#8221;][et_pb_text admin_label=&#8221;Texto&#8221; _builder_version=&#8221;4.17.4&#8243; _module_preset=&#8221;default&#8221; global_colors_info=&#8221;{}&#8221;]<\/p>\n<h3 style=\"text-align: left\"><\/h3>\n<h1 style=\"text-align: left\"><strong>CURSO:<\/strong><\/h1>\n<h1 style=\"text-align: left\"><strong>&#8220;Inteligencia Artificial generativa y equidad: herramientas, \u00e9tica y sesgos de g\u00e9nero en la era digital&#8221; <\/strong><\/h1>\n<h3 style=\"text-align: left\"><em><strong>Edici\u00f3n SAN JUAN<\/strong><\/em><\/h3>\n<h4 style=\"text-align: right\"><strong>Campus de San Juan: 12 de noviembre de 2025<\/strong><\/h4>\n<p>&nbsp;<\/p>\n<p>&nbsp;<br \/>\n[\/et_pb_text][et_pb_image src=&#8221;https:\/\/iagenerativa.umh.es\/files\/2025\/10\/banner_accion_ROSARIO.png&#8221; title_text=&#8221;banner_accion_ROSARIO&#8221; admin_label=&#8221;Imagen&#8221; _builder_version=&#8221;4.17.4&#8243; _module_preset=&#8221;default&#8221; background_enable_image=&#8221;off&#8221; animation_style=&#8221;roll&#8221; global_colors_info=&#8221;{}&#8221;][\/et_pb_image][\/et_pb_column][\/et_pb_row][et_pb_row column_structure=&#8221;1_4,3_4&#8243; _builder_version=&#8221;4.17.4&#8243; _module_preset=&#8221;default&#8221; custom_margin=&#8221;|auto|30px|auto|false|false&#8221; custom_margin_tablet=&#8221;|auto|30px|auto|false|false&#8221; custom_margin_phone=&#8221;|auto|30px|auto|false|false&#8221; custom_margin_last_edited=&#8221;on|phone&#8221; custom_padding=&#8221;0px|0px|0px|0px|false|false&#8221; border_width_all=&#8221;2px&#8221; border_color_all=&#8221;#7CDA24&#8243; global_colors_info=&#8221;{}&#8221;][et_pb_column type=&#8221;1_4&#8243; _builder_version=&#8221;4.17.4&#8243; _module_preset=&#8221;default&#8221; global_colors_info=&#8221;{}&#8221;][et_pb_image src=&#8221;https:\/\/iagenerativa.umh.es\/files\/2025\/10\/logo-gneralitat-valenciana.png&#8221; title_text=&#8221;logo gneralitat valenciana&#8221; _builder_version=&#8221;4.17.4&#8243; _module_preset=&#8221;default&#8221; custom_margin=&#8221;||||false|false&#8221; custom_padding=&#8221;60px|||5px|false|false&#8221; global_colors_info=&#8221;{}&#8221;][\/et_pb_image][et_pb_image src=&#8221;https:\/\/iagenerativa.umh.es\/files\/2024\/04\/logoUMH.jpeg&#8221; title_text=&#8221;logoUMH&#8221; _builder_version=&#8221;4.17.4&#8243; _module_preset=&#8221;default&#8221; custom_margin=&#8221;||||false|false&#8221; custom_padding=&#8221;10px|||5px|false|false&#8221; global_colors_info=&#8221;{}&#8221;][\/et_pb_image][\/et_pb_column][et_pb_column type=&#8221;3_4&#8243; _builder_version=&#8221;4.17.4&#8243; _module_preset=&#8221;default&#8221; global_colors_info=&#8221;{}&#8221;][et_pb_text admin_label=&#8221;Texto&#8221; _builder_version=&#8221;4.17.4&#8243; _module_preset=&#8221;default&#8221; custom_margin=&#8221;||||false|false&#8221; custom_padding=&#8221;|15px||15px|false|false&#8221; global_colors_info=&#8221;{}&#8221;]<\/p>\n<h3><\/h3>\n<h3 style=\"text-align: left\"><strong>CURSO: <\/strong><\/h3>\n<h3>Inteligencia Artificial generativa y equidad: herramientas, \u00e9tica y sesgos de g\u00e9nero en la era digital<\/h3>\n<ul>\n<li>Fecha: 12<strong>\u00a0de noviembre de 2025, <\/strong><em><strong>de 16:00 a 18:30<\/strong><\/em><\/li>\n<li>Lugar:<strong> Universidad Miguel Hern\u00e1ndez, Campus de Sant Joan, Aula 0.9 \u2013 edificio SEVERO OCHOA<\/strong><\/li>\n<li>Cr\u00e9ditos: 0.5 ECTS <em>(Pendientes de tramitaci\u00f3n)<\/em><\/li>\n<li>Organiza: <strong>Unidad de Igualdad de la Universidad Miguel Hern\u00e1ndez (UMH)<\/strong> en colaboraci\u00f3n con la <strong>Vicepresidencia Primera y Conseller\u00eda de Servicios Sociales, Igualdad y Vivienda<\/strong><\/li>\n<li>Dirigido a estudiantes de los grados de <strong>Ciencias de la Salud\u00a0<\/strong><\/li>\n<li>Este seminario se impartir\u00e1 en aula\u00a0 con una capacidad limitada de puestos. Por este motivo, te pedimos que si est\u00e1s interesado en asistir, completes este formulario con tu nombre y tu correo electr\u00f3nico:<\/li>\n<\/ul>\n<p style=\"text-align: center\">FORMULARIO<\/p>\n<p style=\"text-align: center\"><span style=\"color: #0000ff\">\u00a1Plazas agotadas! Gracias por el inter\u00e9s en el curso.<\/span><\/p>\n<p>&nbsp;<br \/>\n[\/et_pb_text][\/et_pb_column][\/et_pb_row][et_pb_row _builder_version=&#8221;4.17.4&#8243; _module_preset=&#8221;default&#8221; custom_padding=&#8221;5px|8px|5px|8px|false|false&#8221; border_width_all=&#8221;3px&#8221; border_color_all=&#8221;#6B6B6B&#8221; global_colors_info=&#8221;{}&#8221;][et_pb_column type=&#8221;4_4&#8243; _builder_version=&#8221;4.17.4&#8243; _module_preset=&#8221;default&#8221; global_colors_info=&#8221;{}&#8221;][et_pb_text admin_label=&#8221;Texto&#8221; _builder_version=&#8221;4.17.4&#8243; _module_preset=&#8221;default&#8221; custom_margin=&#8221;0px||||false|false&#8221; custom_padding=&#8221;0px|40px||40px|false|false&#8221; global_colors_info=&#8221;{}&#8221;]<\/p>\n<h4><\/h4>\n<h4><strong>Contenido del curso:<\/strong><\/h4>\n<p data-start=\"105\" data-end=\"726\">El curso ofrece una introducci\u00f3n pr\u00e1ctica a la inteligencia artificial generativa y su funcionamiento, explorando los modelos de lenguaje e imagen y el uso de herramientas como ChatGPT, Gemini, Grok y Nanobanana. Se abordar\u00e1n sus aplicaciones acad\u00e9micas y creativas en redacci\u00f3n, s\u00edntesis, ilustraci\u00f3n, dise\u00f1o y presentaci\u00f3n, junto con los aspectos \u00e9ticos relacionados con la autor\u00eda, la privacidad y los derechos de imagen. Adem\u00e1s, se analizar\u00e1 la perspectiva de g\u00e9nero en los modelos de IA y se realizar\u00e1 un taller pr\u00e1ctico de creaci\u00f3n de textos e im\u00e1genes a partir de <em data-start=\"703\" data-end=\"712\">prompts<\/em> inclusivos.<\/p>\n<h4><strong>Beneficios de asistir a este curso:<\/strong><\/h4>\n<ul>\n<li><strong>Mejora de la productividad:<\/strong> Optimiza tus tareas diarias con la ayuda de las herramientas de IA generativa y adquiere habilidades y conocimientos aplicables y agilidad en tu trabajo diario delante del ordenador.<\/li>\n<\/ul>\n<p>&nbsp;<br \/>\n[\/et_pb_text][\/et_pb_column][\/et_pb_row][et_pb_row _builder_version=&#8221;4.17.4&#8243; _module_preset=&#8221;default&#8221; custom_padding=&#8221;5px|8px|5px|8px|false|false&#8221; border_width_all=&#8221;3px&#8221; border_color_all=&#8221;#6B6B6B&#8221; global_colors_info=&#8221;{}&#8221;][et_pb_column type=&#8221;4_4&#8243; _builder_version=&#8221;4.17.4&#8243; _module_preset=&#8221;default&#8221; global_colors_info=&#8221;{}&#8221;][et_pb_text admin_label=&#8221;Texto&#8221; _builder_version=&#8221;4.17.4&#8243; _module_preset=&#8221;default&#8221; custom_margin=&#8221;0px||||false|false&#8221; custom_padding=&#8221;0px|40px||40px|false|false&#8221; global_colors_info=&#8221;{}&#8221;]<\/p>\n<h4><\/h4>\n<h3><strong>PROGRAMA DETALLADO DEL CURSO<\/strong><\/h3>\n<h4><strong>A. Sesi\u00f3n presencial (2,5 h) \u2013 Introducci\u00f3n y pr\u00e1ctica guiada<\/strong><\/h4>\n<p><strong>Contenidos:<\/strong><\/p>\n<ul>\n<li>Qu\u00e9 es la IA generativa y c\u00f3mo funciona: modelos de lenguaje e imagen.<\/li>\n<li>Principales herramientas de texto: <strong>ChatGPT<\/strong>, <strong>Gemini<\/strong> y <strong>Grok<\/strong>.<\/li>\n<\/ul>\n<ul>\n<li>Principales herramientas de imagen: <strong>Nanobanana<\/strong>, <strong>DALL\u00b7E<\/strong>, <strong>Imagine<\/strong>,<\/li>\n<li>Usos acad\u00e9micos y creativos de la IAG: redacci\u00f3n, s\u00edntesis, ilustraci\u00f3n, dise\u00f1o y presentaci\u00f3n.<\/li>\n<li>Aspectos \u00e9ticos: autor\u00eda, privacidad, derechos de imagen y propiedad intelectual.<\/li>\n<li>Perspectiva de g\u00e9nero: c\u00f3mo los modelos visuales y ling\u00fc\u00edsticos reproducen estereotipos.<\/li>\n<li>Taller pr\u00e1ctico: creaci\u00f3n de texto e imagen a partir de <em>prompts<\/em><\/li>\n<\/ul>\n<h4><strong>B. Sesiones online s\u00edncronas (7.5 horas) y Trabajo Aut\u00f3nomo (4 horas)<\/strong><\/h4>\n<p><strong>Actividades:<\/strong><\/p>\n<p style=\"color: #222222;font-style: normal;font-weight: 400;letter-spacing: normal;text-align: start;text-indent: 0px;text-transform: none;background-color: #ffffff;margin-left: 36pt;margin-right: 0cm;font-size: 12pt;font-family: 'Times New Roman', serif\"><span style=\"font-size: 10.5pt;font-family: 'Calibri Light', sans-serif\">\u00a01. <\/span><strong><span style=\"font-size: 10.5pt;font-family: 'Calibri Light', sans-serif\">Exploraci\u00f3n guiada (5 h). Sesi\u00f3n online s\u00edncrona:<\/span><\/strong><span style=\"font-size: 10.5pt;font-family: 'Calibri Light', sans-serif\"><br \/>\nDesarrollo de un proyecto acad\u00e9mico o creativo (texto o imagen) utilizando\u00a0<\/span><strong><span style=\"font-size: 10.5pt;font-family: 'Calibri Light', sans-serif\">ChatGPT, Gemini, Grok<\/span><\/strong><span style=\"font-size: 10.5pt;font-family: 'Calibri Light', sans-serif\">\u00a0y una herramienta visual (por ejemplo,\u00a0<\/span><strong><span style=\"font-size: 10.5pt;font-family: 'Calibri Light', sans-serif\">Nanobanana<\/span><\/strong><span style=\"font-size: 10.5pt;font-family: 'Calibri Light', sans-serif\">\u00a0o\u00a0<\/span><strong><span style=\"font-size: 10.5pt;font-family: 'Calibri Light', sans-serif\">DALL\u00b7E<\/span><\/strong><span style=\"font-size: 10.5pt;font-family: 'Calibri Light', sans-serif\">), aplicando principios \u00e9ticos e inclusivos.<\/span><\/p>\n<p style=\"color: #222222;font-style: normal;font-weight: 400;letter-spacing: normal;text-align: start;text-indent: 0px;text-transform: none;background-color: #ffffff;margin-left: 36pt;margin-right: 0cm;font-size: 12pt;font-family: 'Times New Roman', serif\"><span style=\"font-size: 10.5pt;font-family: 'Calibri Light', sans-serif\">2.<span style=\"font-size: 7pt;line-height: normal;font-family: 'Times New Roman'\">\u00a0\u00a0\u00a0\u00a0\u00a0\u00a0\u00a0<\/span><\/span><strong><span style=\"font-size: 10.5pt;font-family: 'Calibri Light', sans-serif\">An\u00e1lisis de sesgos (2,5 h). Sesi\u00f3n online s\u00edncrona:<\/span><\/strong><span style=\"font-size: 10.5pt;font-family: 'Calibri Light', sans-serif\"><br \/>\nIdentificaci\u00f3n de sesgos de g\u00e9nero, culturales o sociales en los resultados obtenidos (por ejemplo, representaciones estereotipadas de profesiones o cuerpos).<\/span><\/p>\n<p style=\"color: #222222;font-style: normal;font-weight: 400;letter-spacing: normal;text-align: start;text-indent: 0px;text-transform: none;background-color: #ffffff;margin-left: 36pt;margin-right: 0cm;font-size: 12pt;font-family: 'Times New Roman', serif\"><span style=\"font-size: 14pt;font-family: 'Calibri Light', sans-serif\">3.<span style=\"font-size: 7pt;line-height: normal;font-family: 'Times New Roman'\">\u00a0\u00a0\u00a0\u00a0\u00a0<\/span><\/span><strong><span style=\"font-size: 10.5pt;font-family: 'Calibri Light', sans-serif\">Reflexi\u00f3n final (4 h):<\/span><\/strong><span style=\"font-size: 10.5pt;font-family: 'Calibri Light', sans-serif\"><br \/>\nElaboraci\u00f3n de un breve informe o v\u00eddeo o cualquier otro modo de comunicaci\u00f3n multimedia<\/span><\/p>\n<p>&nbsp;<br \/>\n[\/et_pb_text][\/et_pb_column][\/et_pb_row][et_pb_row disabled_on=&#8221;off|off|off&#8221; _builder_version=&#8221;4.17.4&#8243; _module_preset=&#8221;default&#8221; background_enable_color=&#8221;off&#8221; border_color_all=&#8221;RGBA(255,255,255,0)&#8221; global_colors_info=&#8221;{}&#8221;][et_pb_column type=&#8221;4_4&#8243; _builder_version=&#8221;4.17.4&#8243; _module_preset=&#8221;default&#8221; background_color=&#8221;#AADB24&#8243; global_colors_info=&#8221;{}&#8221;][et_pb_button button_url=&#8221;https:\/\/iagenerativa.umh.es\/equidad\/material\/&#8221; button_text=&#8221;Material del curso para descargar&#8221; button_alignment=&#8221;center&#8221; _builder_version=&#8221;4.17.4&#8243; _module_preset=&#8221;default&#8221; background_layout=&#8221;dark&#8221; custom_margin=&#8221;||||false|false&#8221; custom_padding=&#8221;||||false|false&#8221; hover_enabled=&#8221;0&#8243; box_shadow_style=&#8221;preset4&#8243; global_colors_info=&#8221;{}&#8221; sticky_enabled=&#8221;0&#8243;][\/et_pb_button][\/et_pb_column][\/et_pb_row][\/et_pb_section]<\/p>\n","protected":false},"excerpt":{"rendered":"<p>CURSO: &#8220;Inteligencia Artificial generativa y equidad: herramientas, \u00e9tica y sesgos de g\u00e9nero en la era digital&#8221; Edici\u00f3n SAN JUAN Campus de San Juan: 12 de noviembre de 2025 &nbsp; &nbsp; CURSO: Inteligencia Artificial generativa y equidad: herramientas, \u00e9tica y sesgos de g\u00e9nero en la era digital Fecha: 12\u00a0de noviembre de 2025, de 16:00 a 18:30 [&hellip;]<\/p>\n","protected":false},"author":1676,"featured_media":0,"parent":2689,"menu_order":0,"comment_status":"closed","ping_status":"closed","template":"","meta":{"_et_pb_use_builder":"on","_et_pb_old_content":"","_et_gb_content_width":"","_links_to":"","_links_to_target":""},"_links":{"self":[{"href":"https:\/\/iagenerativa.umh.es\/en\/wp-json\/wp\/v2\/pages\/2705"}],"collection":[{"href":"https:\/\/iagenerativa.umh.es\/en\/wp-json\/wp\/v2\/pages"}],"about":[{"href":"https:\/\/iagenerativa.umh.es\/en\/wp-json\/wp\/v2\/types\/page"}],"author":[{"embeddable":true,"href":"https:\/\/iagenerativa.umh.es\/en\/wp-json\/wp\/v2\/users\/1676"}],"replies":[{"embeddable":true,"href":"https:\/\/iagenerativa.umh.es\/en\/wp-json\/wp\/v2\/comments?post=2705"}],"version-history":[{"count":0,"href":"https:\/\/iagenerativa.umh.es\/en\/wp-json\/wp\/v2\/pages\/2705\/revisions"}],"up":[{"embeddable":true,"href":"https:\/\/iagenerativa.umh.es\/en\/wp-json\/wp\/v2\/pages\/2689"}],"wp:attachment":[{"href":"https:\/\/iagenerativa.umh.es\/en\/wp-json\/wp\/v2\/media?parent=2705"}],"curies":[{"name":"wp","href":"https:\/\/api.w.org\/{rel}","templated":true}]}}